{"id":14,"date":"2015-06-17T13:56:50","date_gmt":"2015-06-17T10:56:50","guid":{"rendered":"http:\/\/www.yarimcayelken.com\/?page_id=14"},"modified":"2017-06-05T17:11:13","modified_gmt":"2017-06-05T14:11:13","slug":"yonetim","status":"publish","type":"page","link":"http:\/\/www.yarimcayelken.com\/index.php\/yonetim\/","title":{"rendered":"Y\u00f6netim"},"content":{"rendered":"<div id=\"pl-14\"  class=\"panel-layout\" ><div id=\"pg-14-0\"  class=\"panel-grid panel-no-style\" ><div id=\"pgc-14-0-0\"  class=\"panel-grid-cell\" ><div id=\"panel-14-0-0-0\" class=\"so-panel widget widget_black-studio-tinymce widget_black_studio_tinymce panel-first-child\" data-index=\"0\" ><div class=\"textwidget\"><p style=\"text-align: center;\"><img loading=\"lazy\" decoding=\"async\" class=\"so-widget-image\" title=\"Ba\u015fkan | Recep \u0130lg\u00fcn\" src=\"http:\/\/www.yarimcayelken.com\/wp-content\/uploads\/2015\/06\/recep_ilgun-199x300.jpg\" alt=\"Ba\u015fkan | Recep \u0130lg\u00fcn\" width=\"199\" height=\"300\" \/><\/p>\n<p style=\"text-align: center;\"><strong>Ba\u015fkan<\/strong><\/p>\n<p style=\"text-align: center;\">Recep \u0130lg\u00fcn<\/p>\n<p style=\"text-align: center;\"><span class=\"xr_tl xr_s20\">Yelkencili\u011fe 1971 y\u0131l\u0131nda Hereke <\/span><span class=\"xr_tl xr_s20\">S\u00fcmer Spor Kul\u00fcb\u00fcnde optimist <\/span><span class=\"xr_tl xr_s20\">s\u0131n\u0131f\u0131nda ba\u015flam\u0131\u015ft\u0131r. Ayn\u0131 kul\u00fcb\u00fcn <\/span><span class=\"xr_tl xr_s20\">k\u00fcrek tak\u0131m\u0131nda da bulunmu\u015ftur. \u00dc\u00e7 <\/span><span class=\"xr_tl xr_s20\">y\u0131ld\u0131r Yar\u0131mca Yelken Kul\u00fcb\u00fc\u2018nde <\/span><span class=\"xr_tl xr_s20\">ba\u015fkanl\u0131k yapmaktad\u0131r. Gen\u00e7lerimizi <\/span><span class=\"xr_tl xr_s20\">sokaklardan \u00e7ekip, onlara yelkencili\u011fi <\/span><span class=\"xr_tl xr_s20\">ve denizcili\u011fi (\u00f6\u011fretmek) sevdirmek, <\/span><span class=\"xr_tl xr_s20\">\u00e7evre bilincini, arkada\u015fl\u0131k ve <\/span><span class=\"xr_tl xr_s20\">yard\u0131mla\u015fma duygular\u0131n\u0131 peki\u015ftirmek <\/span><span class=\"xr_tl xr_s20\">ad\u0131na hizmet etmektedir<\/span><\/p>\n<\/div><\/div><div id=\"panel-14-0-0-1\" class=\"so-panel widget widget_black-studio-tinymce widget_black_studio_tinymce panel-last-child\" data-index=\"1\" ><div class=\"textwidget\"><p>\u00a0<\/p>\n<p style=\"text-align: center;\"><strong>Ba\u015fkan Yard\u0131mc\u0131s\u0131<\/strong><\/p>\n<p style=\"text-align: center;\">\u015eeniz K\u0131z\u0131lda\u011f<\/p>\n<p style=\"text-align: center;\">\u00a0<\/p>\n<\/div><\/div><\/div><\/div><div id=\"pg-14-1\"  class=\"panel-grid panel-no-style\" ><div id=\"pgc-14-1-0\"  class=\"panel-grid-cell\" ><div id=\"panel-14-1-0-0\" class=\"so-panel widget widget_black-studio-tinymce widget_black_studio_tinymce panel-first-child\" data-index=\"2\" ><div class=\"textwidget\"><p><a href=\"http:\/\/www.yarimcayelken.com\/wp-content\/uploads\/2015\/06\/fikret_tarim.jpg\"><img loading=\"lazy\" decoding=\"async\" class=\" size-medium wp-image-49 aligncenter\" src=\"http:\/\/www.yarimcayelken.com\/wp-content\/uploads\/2015\/06\/fikret_tarim-246x300.jpg\" alt=\"fikret_tarim\" width=\"246\" height=\"300\" srcset=\"http:\/\/www.yarimcayelken.com\/wp-content\/uploads\/2015\/06\/fikret_tarim-246x300.jpg 246w, http:\/\/www.yarimcayelken.com\/wp-content\/uploads\/2015\/06\/fikret_tarim.jpg 400w\" sizes=\"auto, (max-width: 246px) 100vw, 246px\" \/><\/a><\/p>\n<p style=\"text-align: center;\"><strong>\u00dcye - Komodor<\/strong><\/p>\n<p style=\"text-align: center;\">Fikret Tar\u0131m<\/p>\n<p style=\"text-align: center;\"><span class=\"xr_tl xr_s20\">Yelkencili\u011fe 1963 y\u0131l\u0131nda Hereke S\u00fcmer Spor <\/span><span class=\"xr_tl xr_s20\">Kul\u00fcb\u00fcnde pirat s\u0131n\u0131f\u0131nda ba\u015flam\u0131\u015ft\u0131r. Pirat, <\/span><span class=\"xr_tl xr_s20\">\u015earpi ve Snipe s\u0131n\u0131flar\u0131nda yar\u0131\u015fm\u0131\u015ft\u0131r. 5 kere <\/span><span class=\"xr_tl xr_s20\">Pirat s\u0131n\u0131f\u0131nda, 1 kere \u015earpi s\u0131n\u0131f\u0131nda T\u00fcrkiye <\/span><span class=\"xr_tl xr_s20\">\u015fampiyonlu\u011fu bulunmaktad\u0131r. Snipe s\u0131n\u0131f\u0131nda <\/span><span class=\"xr_tl xr_s20\">da 1 kere T\u00fcrkiye gen\u00e7ler 3.s\u00fc olmu\u015ftur. 22 y\u0131l <\/span><span class=\"xr_tl xr_s20\">Kocaeli yelken il temsilcili\u011fi, 2 y\u0131l T\u00fcrkiye <\/span><span class=\"xr_tl xr_s20\">Yelken Federasyonu organizasyon komitesi <\/span><span class=\"xr_tl xr_s20\">\u00fcyeli\u011fi yapm\u0131\u015ft\u0131r. 2.kademe antren\u00f6r belgesi <\/span><span class=\"xr_tl xr_s20\">bulunmaktad\u0131r. Milli hakemlik yapm\u0131\u015ft\u0131r. 1990 <\/span><span class=\"xr_tl xr_s20\">y\u0131l\u0131ndan beri kul\u00fcb\u00fcm\u00fczde g\u00f6rev yapmaktad\u0131r<\/span><\/p>\n<\/div><\/div><div id=\"panel-14-1-0-1\" class=\"so-panel widget widget_black-studio-tinymce widget_black_studio_tinymce panel-last-child\" data-index=\"3\" ><div class=\"textwidget\"><p style=\"text-align: center;\"><span class=\"xr_tl\">Burak \u00d6zen - <strong>Genel Sekreter<\/strong><\/span><\/p>\n<p style=\"text-align: center;\"><span class=\"xr_tl\">Ardan Aksade -<strong> Muhasip \u00dcye<\/strong><\/span><\/p>\n<p style=\"text-align: center;\"><span class=\"xr_tl xr_s20\">Yelkencili\u011fe 1988 y\u0131l\u0131nda \u00c7e\u015fme Yelken Kul\u00fcb\u00fcnde optimist <\/span><span class=\"xr_tl xr_s20\">s\u0131n\u0131f\u0131nda ba\u015flam\u0131\u015ft\u0131r. Optimist, laser ve windsurf s\u0131n\u0131flar\u0131nda <\/span><span class=\"xr_tl xr_s20\">bir\u00e7ok yar\u0131\u015fa kat\u0131lm\u0131\u015ft\u0131r. Halen faal olarak yat yar\u0131\u015f\u00e7\u0131l\u0131\u011f\u0131 ve <\/span><span class=\"xr_tl xr_s20\">windsurf ile u\u011fra\u015fmaktad\u0131r.<\/span><\/p>\n<p>\u00a0<\/p>\n<\/div><\/div><\/div><\/div><\/div>","protected":false},"excerpt":{"rendered":"<p>Ba\u015fkanRecep \u0130lg\u00fcnYelkencili\u011fe 1971 y\u0131l\u0131nda Hereke S\u00fcmer Spor Kul\u00fcb\u00fcnde optimist s\u0131n\u0131f\u0131nda ba\u015flam\u0131\u015ft\u0131r. Ayn\u0131 kul\u00fcb\u00fcn k\u00fcrek tak\u0131m\u0131nda da bulunmu\u015ftur. \u00dc\u00e7 y\u0131ld\u0131r Yar\u0131mca Yelken Kul\u00fcb\u00fc\u2018nde ba\u015fkanl\u0131k yapmaktad\u0131r. Gen\u00e7lerimizi sokaklardan \u00e7ekip, onlara yelkencili\u011fi ve denizcili\u011fi (\u00f6\u011fretmek) sevdirmek, \u00e7evre bilincini, arkada\u015fl\u0131k ve yard\u0131mla\u015fma duygular\u0131n\u0131 peki\u015ftirmek ad\u0131na hizmet etmektedir \u00a0Ba\u015fkan Yard\u0131mc\u0131s\u0131\u015eeniz K\u0131z\u0131lda\u011f\u00a0 \u00dcye &#8211; KomodorFikret Tar\u0131mYelkencili\u011fe 1963 y\u0131l\u0131nda Hereke S\u00fcmer Spor [&hellip;]<\/p>\n","protected":false},"author":1,"featured_media":0,"parent":0,"menu_order":0,"comment_status":"closed","ping_status":"closed","template":"template-no-sidebar.php","meta":{"footnotes":""},"class_list":["post-14","page","type-page","status-publish","hentry"],"_links":{"self":[{"href":"http:\/\/www.yarimcayelken.com\/index.php\/wp-json\/wp\/v2\/pages\/14","targetHints":{"allow":["GET"]}}],"collection":[{"href":"http:\/\/www.yarimcayelken.com\/index.php\/wp-json\/wp\/v2\/pages"}],"about":[{"href":"http:\/\/www.yarimcayelken.com\/index.php\/wp-json\/wp\/v2\/types\/page"}],"author":[{"embeddable":true,"href":"http:\/\/www.yarimcayelken.com\/index.php\/wp-json\/wp\/v2\/users\/1"}],"replies":[{"embeddable":true,"href":"http:\/\/www.yarimcayelken.com\/index.php\/wp-json\/wp\/v2\/comments?post=14"}],"version-history":[{"count":8,"href":"http:\/\/www.yarimcayelken.com\/index.php\/wp-json\/wp\/v2\/pages\/14\/revisions"}],"predecessor-version":[{"id":48,"href":"http:\/\/www.yarimcayelken.com\/index.php\/wp-json\/wp\/v2\/pages\/14\/revisions\/48"}],"wp:attachment":[{"href":"http:\/\/www.yarimcayelken.com\/index.php\/wp-json\/wp\/v2\/media?parent=14"}],"curies":[{"name":"wp","href":"https:\/\/api.w.org\/{rel}","templated":true}]}}